{"id":223,"date":"2026-02-23T18:38:16","date_gmt":"2026-02-23T21:38:16","guid":{"rendered":"http:\/\/brazfigueiredo.local\/?page_id=223"},"modified":"2026-04-10T14:07:18","modified_gmt":"2026-04-10T17:07:18","slug":"direito-trabalhista","status":"publish","type":"page","link":"https:\/\/talktoalldigital.com.br\/brazefigueiredo\/areas-de-atuacao\/direito-trabalhista\/","title":{"rendered":"Direito Trabalhista"},"content":{"rendered":"\t\t<div data-elementor-type=\"wp-page\" data-elementor-id=\"223\" class=\"elementor elementor-223\" data-elementor-post-type=\"page\">\n\t\t\t\t<div class=\"elementor-element elementor-element-4655694 e-flex e-con-boxed e-con e-parent\" data-id=\"4655694\" data-element_type=\"container\" data-e-type=\"container\" data-settings=\"{&quot;background_background&quot;:&quot;classic&quot;,&quot;background_motion_fx_motion_fx_mouse&quot;:&quot;yes&quot;,&quot;background_motion_fx_mouseTrack_effect&quot;:&quot;yes&quot;,&quot;background_motion_fx_mouseTrack_direction&quot;:&quot;negative&quot;,&quot;background_motion_fx_mouseTrack_speed&quot;:{&quot;unit&quot;:&quot;px&quot;,&quot;size&quot;:0.1,&quot;sizes&quot;:[]}}\">\n\t\t\t\t\t<div class=\"e-con-inner\">\n\t\t<div class=\"elementor-element elementor-element-d46630d e-con-full e-flex e-con e-child\" data-id=\"d46630d\" data-element_type=\"container\" data-e-type=\"container\">\n\t\t\t\t<div class=\"elementor-element elementor-element-b62f19d elementor-widget elementor-widget-heading\" data-id=\"b62f19d\" data-element_type=\"widget\" data-e-type=\"widget\" data-widget_type=\"heading.default\">\n\t\t\t\t\t<h2 class=\"elementor-heading-title elementor-size-default\">\u00c1rea de atua\u00e7\u00e3o<\/h2>\t\t\t\t<\/div>\n\t\t\t\t<div class=\"elementor-element elementor-element-6fd4b00 elementor-widget elementor-widget-heading\" data-id=\"6fd4b00\" data-element_type=\"widget\" data-e-type=\"widget\" data-widget_type=\"heading.default\">\n\t\t\t\t\t<h2 class=\"elementor-heading-title elementor-size-default\">Direito Trabalhista <\/h2>\t\t\t\t<\/div>\n\t\t\t\t<div class=\"elementor-element elementor-element-be6809d elementor-widget__width-inherit elementor-widget elementor-widget-text-editor\" data-id=\"be6809d\" data-element_type=\"widget\" data-e-type=\"widget\" data-widget_type=\"text-editor.default\">\n\t\t\t\t\t\t\t\t\t<p>Garantia de conformidade e prote\u00e7\u00e3o contra passivos trabalhistas.<\/p><p>Ajudamos empresas a prevenir riscos, evitar autua\u00e7\u00f5es e lit\u00edgios, garantindo a gest\u00e3o segura de colaboradores e contratos de trabalho.<\/p>\t\t\t\t\t\t\t\t<\/div>\n\t\t\t\t<div class=\"elementor-element elementor-element-77a46e4 elementor-align-left elementor-widget elementor-widget-breadcrumbs\" data-id=\"77a46e4\" data-element_type=\"widget\" data-e-type=\"widget\" data-widget_type=\"breadcrumbs.default\">\n\t\t\t\t\t<nav id=\"breadcrumbs\"><span><span><a href=\"https:\/\/talktoalldigital.com.br\/brazefigueiredo\/\">In\u00edcio<\/a><\/span><\/span><\/nav>\t\t\t\t<\/div>\n\t\t\t\t<\/div>\n\t\t\t\t\t<\/div>\n\t\t\t\t<\/div>\n\t\t<div class=\"elementor-element elementor-element-616666e e-flex e-con-boxed e-con e-parent\" data-id=\"616666e\" data-element_type=\"container\" data-e-type=\"container\" data-settings=\"{&quot;background_background&quot;:&quot;gradient&quot;}\">\n\t\t\t\t\t<div class=\"e-con-inner\">\n\t\t<div class=\"elementor-element elementor-element-c28d92a e-con-full e-grid e-con e-child\" data-id=\"c28d92a\" data-element_type=\"container\" data-e-type=\"container\">\n\t\t<div class=\"elementor-element elementor-element-a46ad87 e-con-full e-flex e-con e-child\" data-id=\"a46ad87\" data-element_type=\"container\" data-e-type=\"container\">\n\t\t\t\t<div class=\"elementor-element elementor-element-241c344 title-tracos elementor-widget elementor-widget-heading\" data-id=\"241c344\" data-element_type=\"widget\" data-e-type=\"widget\" data-widget_type=\"heading.default\">\n\t\t\t\t\t<h2 class=\"elementor-heading-title elementor-size-default\">Acompanhamento processual<\/h2>\t\t\t\t<\/div>\n\t\t\t\t<div class=\"elementor-element elementor-element-ffa0e58 elementor-widget__width-inherit elementor-widget elementor-widget-text-editor\" data-id=\"ffa0e58\" data-element_type=\"widget\" data-e-type=\"widget\" data-widget_type=\"text-editor.default\">\n\t\t\t\t\t\t\t\t\t<p>Tenha acompanhamentos dos processos judiciais da empresa com todas as medidas cab\u00edveis da notifica\u00e7\u00e3o at\u00e9 o arquivamento da a\u00e7\u00e3o, independentemente dos pedidos e complexidade.<\/p>\t\t\t\t\t\t\t\t<\/div>\n\t\t\t\t<\/div>\n\t\t<div class=\"elementor-element elementor-element-ed1aed8 e-con-full e-flex e-con e-child\" data-id=\"ed1aed8\" data-element_type=\"container\" data-e-type=\"container\">\n\t\t\t\t<div class=\"elementor-element elementor-element-396b4a4 title-tracos elementor-widget elementor-widget-heading\" data-id=\"396b4a4\" data-element_type=\"widget\" data-e-type=\"widget\" data-widget_type=\"heading.default\">\n\t\t\t\t\t<h2 class=\"elementor-heading-title elementor-size-default\">Compliance Trabalhista<\/h2>\t\t\t\t<\/div>\n\t\t\t\t<div class=\"elementor-element elementor-element-4772861 elementor-widget__width-inherit elementor-widget elementor-widget-text-editor\" data-id=\"4772861\" data-element_type=\"widget\" data-e-type=\"widget\" data-widget_type=\"text-editor.default\">\n\t\t\t\t\t\t\t\t\t<p>Realizamos a an\u00e1lise documental e procedimental da empresa para resolu\u00e7\u00e3o de irregularidades, apontamento de riscos e redu\u00e7\u00e3o de passivo trabalhista;<\/p>\t\t\t\t\t\t\t\t<\/div>\n\t\t\t\t<\/div>\n\t\t<div class=\"elementor-element elementor-element-d71097a e-con-full e-flex e-con e-child\" data-id=\"d71097a\" data-element_type=\"container\" data-e-type=\"container\">\n\t\t\t\t<div class=\"elementor-element elementor-element-d3c8b3c title-tracos elementor-widget elementor-widget-heading\" data-id=\"d3c8b3c\" data-element_type=\"widget\" data-e-type=\"widget\" data-widget_type=\"heading.default\">\n\t\t\t\t\t<h2 class=\"elementor-heading-title elementor-size-default\">Advocacia preventiva e consultiva<\/h2>\t\t\t\t<\/div>\n\t\t\t\t<div class=\"elementor-element elementor-element-dc3a91b elementor-widget__width-inherit elementor-widget elementor-widget-text-editor\" data-id=\"dc3a91b\" data-element_type=\"widget\" data-e-type=\"widget\" data-widget_type=\"text-editor.default\">\n\t\t\t\t\t\t\t\t\t<p>Tenha um atendimento por meio de consultas e pareceres para evitar Reclama\u00e7\u00f5es Trabalhistas e estabelecer regras e mudan\u00e7as por meio dos procedimentos e documentos jur\u00eddicos adequados.<\/p>\t\t\t\t\t\t\t\t<\/div>\n\t\t\t\t<\/div>\n\t\t<div class=\"elementor-element elementor-element-d6b32ee e-con-full e-flex e-con e-child\" data-id=\"d6b32ee\" data-element_type=\"container\" data-e-type=\"container\">\n\t\t\t\t<div class=\"elementor-element elementor-element-a1b3902 title-tracos elementor-widget elementor-widget-heading\" data-id=\"a1b3902\" data-element_type=\"widget\" data-e-type=\"widget\" data-widget_type=\"heading.default\">\n\t\t\t\t\t<h2 class=\"elementor-heading-title elementor-size-default\">Negocia\u00e7\u00f5es coletivas<\/h2>\t\t\t\t<\/div>\n\t\t\t\t<div class=\"elementor-element elementor-element-80b9e1a elementor-widget__width-inherit elementor-widget elementor-widget-text-editor\" data-id=\"80b9e1a\" data-element_type=\"widget\" data-e-type=\"widget\" data-widget_type=\"text-editor.default\">\n\t\t\t\t\t\t\t\t\t<p>Realizamos negocia\u00e7\u00f5es coletivas com Sindicados para realiza\u00e7\u00e3o de acordos coletivos, resolu\u00e7\u00e3o de problemas com contribui\u00e7\u00f5es sindicais, acordos de PLR e buscando melhores condi\u00e7\u00f5es para as empresas.<\/p>\t\t\t\t\t\t\t\t<\/div>\n\t\t\t\t<\/div>\n\t\t<div class=\"elementor-element elementor-element-fca8e5e e-con-full e-flex e-con e-child\" data-id=\"fca8e5e\" data-element_type=\"container\" data-e-type=\"container\">\n\t\t\t\t<div class=\"elementor-element elementor-element-d39b27c title-tracos elementor-widget elementor-widget-heading\" data-id=\"d39b27c\" data-element_type=\"widget\" data-e-type=\"widget\" data-widget_type=\"heading.default\">\n\t\t\t\t\t<h2 class=\"elementor-heading-title elementor-size-default\">Riscos empresariais trabalhistas<\/h2>\t\t\t\t<\/div>\n\t\t\t\t<div class=\"elementor-element elementor-element-c96b580 elementor-widget__width-inherit elementor-widget elementor-widget-text-editor\" data-id=\"c96b580\" data-element_type=\"widget\" data-e-type=\"widget\" data-widget_type=\"text-editor.default\">\n\t\t\t\t\t\t\t\t\t<p>Por meio de estrat\u00e9gias jur\u00eddicas propomos as melhores solu\u00e7\u00f5es para qualquer altera\u00e7\u00e3o societ\u00e1ria que tenha impacto na \u00e1rea trabalhista, como em fus\u00f5es, aquisi\u00e7\u00f5es, assim como para empresas em Recupera\u00e7\u00e3o Judicial ou Fal\u00eancia.<\/p>\t\t\t\t\t\t\t\t<\/div>\n\t\t\t\t<\/div>\n\t\t<div class=\"elementor-element elementor-element-261281a e-con-full e-flex e-con e-child\" data-id=\"261281a\" data-element_type=\"container\" data-e-type=\"container\">\n\t\t\t\t<div class=\"elementor-element elementor-element-a16b720 title-tracos elementor-widget elementor-widget-heading\" data-id=\"a16b720\" data-element_type=\"widget\" data-e-type=\"widget\" data-widget_type=\"heading.default\">\n\t\t\t\t\t<h2 class=\"elementor-heading-title elementor-size-default\">Contrata\u00e7\u00e3o de PJ<\/h2>\t\t\t\t<\/div>\n\t\t\t\t<div class=\"elementor-element elementor-element-49553bd elementor-widget__width-inherit elementor-widget elementor-widget-text-editor\" data-id=\"49553bd\" data-element_type=\"widget\" data-e-type=\"widget\" data-widget_type=\"text-editor.default\">\n\t\t\t\t\t\t\t\t\t<p>Elaboramos os contratos de presta\u00e7\u00e3o de servi\u00e7os e prestamos as orienta\u00e7\u00f5es para se evitar autua\u00e7\u00f5es e reclama\u00e7\u00f5es trabalhistas pleiteando v\u00ednculo empregat\u00edcio.<\/p>\t\t\t\t\t\t\t\t<\/div>\n\t\t\t\t<\/div>\n\t\t<div class=\"elementor-element elementor-element-88558f4 e-con-full e-flex e-con e-child\" data-id=\"88558f4\" data-element_type=\"container\" data-e-type=\"container\">\n\t\t\t\t<div class=\"elementor-element elementor-element-28ca29d title-tracos elementor-widget elementor-widget-heading\" data-id=\"28ca29d\" data-element_type=\"widget\" data-e-type=\"widget\" data-widget_type=\"heading.default\">\n\t\t\t\t\t<h2 class=\"elementor-heading-title elementor-size-default\">Ass\u00e9dio e conflitos internos<\/h2>\t\t\t\t<\/div>\n\t\t\t\t<div class=\"elementor-element elementor-element-6b78ac8 elementor-widget__width-inherit elementor-widget elementor-widget-text-editor\" data-id=\"6b78ac8\" data-element_type=\"widget\" data-e-type=\"widget\" data-widget_type=\"text-editor.default\">\n\t\t\t\t\t\t\t\t\t<p>Mitigamos riscos de a\u00e7\u00f5es por danos morais e trabalhistas por meio de advocacia preventiva e consultiva.<\/p>\t\t\t\t\t\t\t\t<\/div>\n\t\t\t\t<\/div>\n\t\t<div class=\"elementor-element elementor-element-514234f e-con-full e-flex e-con e-child\" data-id=\"514234f\" data-element_type=\"container\" data-e-type=\"container\">\n\t\t\t\t<div class=\"elementor-element elementor-element-2faf306 title-tracos elementor-widget elementor-widget-heading\" data-id=\"2faf306\" data-element_type=\"widget\" data-e-type=\"widget\" data-widget_type=\"heading.default\">\n\t\t\t\t\t<h2 class=\"elementor-heading-title elementor-size-default\">Autua\u00e7\u00f5es e processos administrativos<\/h2>\t\t\t\t<\/div>\n\t\t\t\t<div class=\"elementor-element elementor-element-691d58e elementor-widget__width-inherit elementor-widget elementor-widget-text-editor\" data-id=\"691d58e\" data-element_type=\"widget\" data-e-type=\"widget\" data-widget_type=\"text-editor.default\">\n\t\t\t\t\t\t\t\t\t<p>Elaboramos estrat\u00e9gias e defesas para autua\u00e7\u00f5es e processos administrativos ajuizados por \u00f3rg\u00e3os fiscalizadores como Minist\u00e9rio P\u00fablico do Trabalho &#8211; MPT, Minist\u00e9rio do Trabalho e Emprego &#8211; MTE, Delegacia Regional do Trabalho &#8211; DRT, entre outros.<\/p>\t\t\t\t\t\t\t\t<\/div>\n\t\t\t\t<\/div>\n\t\t\t\t<\/div>\n\t\t<div class=\"elementor-element elementor-element-0a7e4f8 e-con-full e-flex e-con e-child\" data-id=\"0a7e4f8\" data-element_type=\"container\" data-e-type=\"container\" data-settings=\"{&quot;background_background&quot;:&quot;classic&quot;}\">\n\t\t\t\t<div class=\"elementor-element elementor-element-519556c elementor-widget__width-initial elementor-widget elementor-widget-heading\" data-id=\"519556c\" data-element_type=\"widget\" data-e-type=\"widget\" data-widget_type=\"heading.default\">\n\t\t\t\t\t<h3 class=\"elementor-heading-title elementor-size-default\">Reduza riscos trabalhistas com assessoria jur\u00eddica especializada<\/h3>\t\t\t\t<\/div>\n\t\t\t\t<div class=\"elementor-element elementor-element-8abc655 elementor-widget__width-initial elementor-widget elementor-widget-heading\" data-id=\"8abc655\" data-element_type=\"widget\" data-e-type=\"widget\" data-widget_type=\"heading.default\">\n\t\t\t\t\t<p class=\"elementor-heading-title elementor-size-default\">Conte com orienta\u00e7\u00e3o jur\u00eddica estrat\u00e9gica para proteger sua empresa, evitar passivos e garantir conformidade nas rela\u00e7\u00f5es de trabalho.<\/p>\t\t\t\t<\/div>\n\t\t\t\t<div class=\"elementor-element elementor-element-dc8df85 elementor-align-left elementor-mobile-align-left elementor-widget elementor-widget-button\" data-id=\"dc8df85\" data-element_type=\"widget\" data-e-type=\"widget\" data-widget_type=\"button.default\">\n\t\t\t\t\t\t\t\t\t\t<a class=\"elementor-button elementor-button-link elementor-size-sm\" href=\"https:\/\/talktoalldigital.com.br\/brazefigueiredo\/contato\/\">\n\t\t\t\t\t\t<span class=\"elementor-button-content-wrapper\">\n\t\t\t\t\t\t\t\t\t<span class=\"elementor-button-text\">Fale agora conosco<\/span>\n\t\t\t\t\t<\/span>\n\t\t\t\t\t<\/a>\n\t\t\t\t\t\t\t\t<\/div>\n\t\t\t\t<\/div>\n\t\t\t\t\t<\/div>\n\t\t\t\t<\/div>\n\t\t\t\t<\/div>\n\t\t","protected":false},"excerpt":{"rendered":"<p>\u00c1rea de atua\u00e7\u00e3o Direito Trabalhista Garantia de conformidade e prote\u00e7\u00e3o contra passivos trabalhistas. Ajudamos empresas a prevenir riscos, evitar autua\u00e7\u00f5es e lit\u00edgios, garantindo a gest\u00e3o segura de colaboradores e contratos de trabalho. Acompanhamento processual Tenha acompanhamentos dos processos judiciais da empresa com todas as medidas cab\u00edveis da notifica\u00e7\u00e3o at\u00e9 o arquivamento da a\u00e7\u00e3o, independentemente dos [&hellip;]<\/p>\n","protected":false},"author":1,"featured_media":0,"parent":199,"menu_order":0,"comment_status":"closed","ping_status":"closed","template":"","meta":{"_acf_changed":false,"footnotes":""},"class_list":["post-223","page","type-page","status-publish","hentry"],"acf":[],"yoast_head":"<!-- This site is optimized with the Yoast SEO plugin v27.3 - https:\/\/yoast.com\/product\/yoast-seo-wordpress\/ -->\n<title>Direito Trabalhista - Braz &amp; Figueiredo<\/title>\n<meta name=\"robots\" content=\"index, follow, max-snippet:-1, max-image-preview:large, max-video-preview:-1\" \/>\n<link rel=\"canonical\" href=\"https:\/\/talktoalldigital.com.br\/brazefigueiredo\/areas-de-atuacao\/direito-trabalhista\/\" \/>\n<meta property=\"og:locale\" content=\"pt_BR\" \/>\n<meta property=\"og:type\" content=\"article\" \/>\n<meta property=\"og:title\" content=\"Direito Trabalhista - Braz &amp; Figueiredo\" \/>\n<meta property=\"og:description\" content=\"\u00c1rea de atua\u00e7\u00e3o Direito Trabalhista Garantia de conformidade e prote\u00e7\u00e3o contra passivos trabalhistas. Ajudamos empresas a prevenir riscos, evitar autua\u00e7\u00f5es e lit\u00edgios, garantindo a gest\u00e3o segura de colaboradores e contratos de trabalho. Acompanhamento processual Tenha acompanhamentos dos processos judiciais da empresa com todas as medidas cab\u00edveis da notifica\u00e7\u00e3o at\u00e9 o arquivamento da a\u00e7\u00e3o, independentemente dos [&hellip;]\" \/>\n<meta property=\"og:url\" content=\"https:\/\/talktoalldigital.com.br\/brazefigueiredo\/areas-de-atuacao\/direito-trabalhista\/\" \/>\n<meta property=\"og:site_name\" content=\"Braz &amp; Figueiredo\" \/>\n<meta property=\"article:publisher\" content=\"https:\/\/www.facebook.com\/brazefigueiredosociedadedeadvogados\/\" \/>\n<meta property=\"article:modified_time\" content=\"2026-04-10T17:07:18+00:00\" \/>\n<meta name=\"twitter:card\" content=\"summary_large_image\" \/>\n<meta name=\"twitter:label1\" content=\"Est. tempo de leitura\" \/>\n\t<meta name=\"twitter:data1\" content=\"2 minutos\" \/>\n<script type=\"application\/ld+json\" class=\"yoast-schema-graph\">{\"@context\":\"https:\\\/\\\/schema.org\",\"@graph\":[{\"@type\":\"WebPage\",\"@id\":\"https:\\\/\\\/talktoalldigital.com.br\\\/brazefigueiredo\\\/areas-de-atuacao\\\/direito-trabalhista\\\/\",\"url\":\"https:\\\/\\\/talktoalldigital.com.br\\\/brazefigueiredo\\\/areas-de-atuacao\\\/direito-trabalhista\\\/\",\"name\":\"Direito Trabalhista - Braz &amp; Figueiredo\",\"isPartOf\":{\"@id\":\"https:\\\/\\\/talktoalldigital.com.br\\\/brazefigueiredo\\\/#website\"},\"datePublished\":\"2026-02-23T21:38:16+00:00\",\"dateModified\":\"2026-04-10T17:07:18+00:00\",\"breadcrumb\":{\"@id\":\"https:\\\/\\\/talktoalldigital.com.br\\\/brazefigueiredo\\\/areas-de-atuacao\\\/direito-trabalhista\\\/#breadcrumb\"},\"inLanguage\":\"pt-BR\",\"potentialAction\":[{\"@type\":\"ReadAction\",\"target\":[\"https:\\\/\\\/talktoalldigital.com.br\\\/brazefigueiredo\\\/areas-de-atuacao\\\/direito-trabalhista\\\/\"]}]},{\"@type\":\"BreadcrumbList\",\"@id\":\"https:\\\/\\\/talktoalldigital.com.br\\\/brazefigueiredo\\\/areas-de-atuacao\\\/direito-trabalhista\\\/#breadcrumb\",\"itemListElement\":[{\"@type\":\"ListItem\",\"position\":1,\"name\":\"In\u00edcio\",\"item\":\"https:\\\/\\\/talktoalldigital.com.br\\\/brazefigueiredo\\\/\"},{\"@type\":\"ListItem\",\"position\":2,\"name\":\"\u00c1reas de Atua\u00e7\u00e3o\",\"item\":\"https:\\\/\\\/talktoalldigital.com.br\\\/brazefigueiredo\\\/areas-de-atuacao\\\/\"},{\"@type\":\"ListItem\",\"position\":3,\"name\":\"Direito Trabalhista\"}]},{\"@type\":\"WebSite\",\"@id\":\"https:\\\/\\\/talktoalldigital.com.br\\\/brazefigueiredo\\\/#website\",\"url\":\"https:\\\/\\\/talktoalldigital.com.br\\\/brazefigueiredo\\\/\",\"name\":\"Braz & Figueiredo\",\"description\":\"Sociedade de Advogados\",\"publisher\":{\"@id\":\"https:\\\/\\\/talktoalldigital.com.br\\\/brazefigueiredo\\\/#organization\"},\"potentialAction\":[{\"@type\":\"SearchAction\",\"target\":{\"@type\":\"EntryPoint\",\"urlTemplate\":\"https:\\\/\\\/talktoalldigital.com.br\\\/brazefigueiredo\\\/?s={search_term_string}\"},\"query-input\":{\"@type\":\"PropertyValueSpecification\",\"valueRequired\":true,\"valueName\":\"search_term_string\"}}],\"inLanguage\":\"pt-BR\"},{\"@type\":\"Organization\",\"@id\":\"https:\\\/\\\/talktoalldigital.com.br\\\/brazefigueiredo\\\/#organization\",\"name\":\"Braz & Figueiredo\",\"url\":\"https:\\\/\\\/talktoalldigital.com.br\\\/brazefigueiredo\\\/\",\"logo\":{\"@type\":\"ImageObject\",\"inLanguage\":\"pt-BR\",\"@id\":\"https:\\\/\\\/talktoalldigital.com.br\\\/brazefigueiredo\\\/#\\\/schema\\\/logo\\\/image\\\/\",\"url\":\"https:\\\/\\\/talktoalldigital.com.br\\\/brazefigueiredo\\\/wp-content\\\/uploads\\\/2026\\\/02\\\/logo-braz-e-figueiredo.svg\",\"contentUrl\":\"https:\\\/\\\/talktoalldigital.com.br\\\/brazefigueiredo\\\/wp-content\\\/uploads\\\/2026\\\/02\\\/logo-braz-e-figueiredo.svg\",\"width\":275,\"height\":23,\"caption\":\"Braz & Figueiredo\"},\"image\":{\"@id\":\"https:\\\/\\\/talktoalldigital.com.br\\\/brazefigueiredo\\\/#\\\/schema\\\/logo\\\/image\\\/\"},\"sameAs\":[\"https:\\\/\\\/www.facebook.com\\\/brazefigueiredosociedadedeadvogados\\\/\",\"https:\\\/\\\/www.instagram.com\\\/brazefigueiredo\\\/\"]}]}<\/script>\n<!-- \/ Yoast SEO plugin. -->","yoast_head_json":{"title":"Direito Trabalhista - Braz &amp; Figueiredo","robots":{"index":"index","follow":"follow","max-snippet":"max-snippet:-1","max-image-preview":"max-image-preview:large","max-video-preview":"max-video-preview:-1"},"canonical":"https:\/\/talktoalldigital.com.br\/brazefigueiredo\/areas-de-atuacao\/direito-trabalhista\/","og_locale":"pt_BR","og_type":"article","og_title":"Direito Trabalhista - Braz &amp; Figueiredo","og_description":"\u00c1rea de atua\u00e7\u00e3o Direito Trabalhista Garantia de conformidade e prote\u00e7\u00e3o contra passivos trabalhistas. Ajudamos empresas a prevenir riscos, evitar autua\u00e7\u00f5es e lit\u00edgios, garantindo a gest\u00e3o segura de colaboradores e contratos de trabalho. Acompanhamento processual Tenha acompanhamentos dos processos judiciais da empresa com todas as medidas cab\u00edveis da notifica\u00e7\u00e3o at\u00e9 o arquivamento da a\u00e7\u00e3o, independentemente dos [&hellip;]","og_url":"https:\/\/talktoalldigital.com.br\/brazefigueiredo\/areas-de-atuacao\/direito-trabalhista\/","og_site_name":"Braz &amp; Figueiredo","article_publisher":"https:\/\/www.facebook.com\/brazefigueiredosociedadedeadvogados\/","article_modified_time":"2026-04-10T17:07:18+00:00","twitter_card":"summary_large_image","twitter_misc":{"Est. tempo de leitura":"2 minutos"},"schema":{"@context":"https:\/\/schema.org","@graph":[{"@type":"WebPage","@id":"https:\/\/talktoalldigital.com.br\/brazefigueiredo\/areas-de-atuacao\/direito-trabalhista\/","url":"https:\/\/talktoalldigital.com.br\/brazefigueiredo\/areas-de-atuacao\/direito-trabalhista\/","name":"Direito Trabalhista - Braz &amp; Figueiredo","isPartOf":{"@id":"https:\/\/talktoalldigital.com.br\/brazefigueiredo\/#website"},"datePublished":"2026-02-23T21:38:16+00:00","dateModified":"2026-04-10T17:07:18+00:00","breadcrumb":{"@id":"https:\/\/talktoalldigital.com.br\/brazefigueiredo\/areas-de-atuacao\/direito-trabalhista\/#breadcrumb"},"inLanguage":"pt-BR","potentialAction":[{"@type":"ReadAction","target":["https:\/\/talktoalldigital.com.br\/brazefigueiredo\/areas-de-atuacao\/direito-trabalhista\/"]}]},{"@type":"BreadcrumbList","@id":"https:\/\/talktoalldigital.com.br\/brazefigueiredo\/areas-de-atuacao\/direito-trabalhista\/#breadcrumb","itemListElement":[{"@type":"ListItem","position":1,"name":"In\u00edcio","item":"https:\/\/talktoalldigital.com.br\/brazefigueiredo\/"},{"@type":"ListItem","position":2,"name":"\u00c1reas de Atua\u00e7\u00e3o","item":"https:\/\/talktoalldigital.com.br\/brazefigueiredo\/areas-de-atuacao\/"},{"@type":"ListItem","position":3,"name":"Direito Trabalhista"}]},{"@type":"WebSite","@id":"https:\/\/talktoalldigital.com.br\/brazefigueiredo\/#website","url":"https:\/\/talktoalldigital.com.br\/brazefigueiredo\/","name":"Braz & Figueiredo","description":"Sociedade de Advogados","publisher":{"@id":"https:\/\/talktoalldigital.com.br\/brazefigueiredo\/#organization"},"potentialAction":[{"@type":"SearchAction","target":{"@type":"EntryPoint","urlTemplate":"https:\/\/talktoalldigital.com.br\/brazefigueiredo\/?s={search_term_string}"},"query-input":{"@type":"PropertyValueSpecification","valueRequired":true,"valueName":"search_term_string"}}],"inLanguage":"pt-BR"},{"@type":"Organization","@id":"https:\/\/talktoalldigital.com.br\/brazefigueiredo\/#organization","name":"Braz & Figueiredo","url":"https:\/\/talktoalldigital.com.br\/brazefigueiredo\/","logo":{"@type":"ImageObject","inLanguage":"pt-BR","@id":"https:\/\/talktoalldigital.com.br\/brazefigueiredo\/#\/schema\/logo\/image\/","url":"https:\/\/talktoalldigital.com.br\/brazefigueiredo\/wp-content\/uploads\/2026\/02\/logo-braz-e-figueiredo.svg","contentUrl":"https:\/\/talktoalldigital.com.br\/brazefigueiredo\/wp-content\/uploads\/2026\/02\/logo-braz-e-figueiredo.svg","width":275,"height":23,"caption":"Braz & Figueiredo"},"image":{"@id":"https:\/\/talktoalldigital.com.br\/brazefigueiredo\/#\/schema\/logo\/image\/"},"sameAs":["https:\/\/www.facebook.com\/brazefigueiredosociedadedeadvogados\/","https:\/\/www.instagram.com\/brazefigueiredo\/"]}]}},"_links":{"self":[{"href":"https:\/\/talktoalldigital.com.br\/brazefigueiredo\/wp-json\/wp\/v2\/pages\/223","targetHints":{"allow":["GET"]}}],"collection":[{"href":"https:\/\/talktoalldigital.com.br\/brazefigueiredo\/wp-json\/wp\/v2\/pages"}],"about":[{"href":"https:\/\/talktoalldigital.com.br\/brazefigueiredo\/wp-json\/wp\/v2\/types\/page"}],"author":[{"embeddable":true,"href":"https:\/\/talktoalldigital.com.br\/brazefigueiredo\/wp-json\/wp\/v2\/users\/1"}],"replies":[{"embeddable":true,"href":"https:\/\/talktoalldigital.com.br\/brazefigueiredo\/wp-json\/wp\/v2\/comments?post=223"}],"version-history":[{"count":37,"href":"https:\/\/talktoalldigital.com.br\/brazefigueiredo\/wp-json\/wp\/v2\/pages\/223\/revisions"}],"predecessor-version":[{"id":4442,"href":"https:\/\/talktoalldigital.com.br\/brazefigueiredo\/wp-json\/wp\/v2\/pages\/223\/revisions\/4442"}],"up":[{"embeddable":true,"href":"https:\/\/talktoalldigital.com.br\/brazefigueiredo\/wp-json\/wp\/v2\/pages\/199"}],"wp:attachment":[{"href":"https:\/\/talktoalldigital.com.br\/brazefigueiredo\/wp-json\/wp\/v2\/media?parent=223"}],"curies":[{"name":"wp","href":"https:\/\/api.w.org\/{rel}","templated":true}]}}